{"id":2,"date":"2025-11-30T19:59:16","date_gmt":"2025-11-30T18:59:16","guid":{"rendered":"http:\/\/disenodesdemarte.com\/?page_id=2"},"modified":"2025-11-30T20:22:13","modified_gmt":"2025-11-30T19:22:13","slug":"pagina-ejemplo","status":"publish","type":"page","link":"https:\/\/disenodesdemarte.com\/","title":{"rendered":"Inicio"},"content":{"rendered":"\n<h2 class=\"wp-block-heading has-h-2-font-size\" id=\"libro\">\u00bfDe qu\u00e9 va \u201cDise\u00f1o desde Marte\u201d?<\/h2>\n\n\n\n<p>Pedir cita m\u00e9dica, gestionar la cuenta bancaria, monitorizar el ejercicio f\u00edsico, identificar una canci\u00f3n&#8230;, cada d\u00eda son m\u00e1s las tareas en las que recurrimos a la interacci\u00f3n con productos y servicios digitales. Por eso, el dise\u00f1o de producto digital \u2014con sus m\u00faltiples denominaciones: dise\u00f1o UX\/UI, dise\u00f1o de interacci\u00f3n, etc\u00e9tera\u2014 es la disciplina del dise\u00f1o con un futuro m\u00e1s vibrante y complejo.<\/p>\n\n\n\n<p>Desde el encargo inicial y la fase de investigaci\u00f3n, pasando por la experiencia de usuario y el dise\u00f1o de interfaces, hasta la entrega a desarrollo y los tests con usuarios, en este libro encontrar\u00e1s todos y cada uno de los pasos que hay que dar en el apasionante reto de dise\u00f1ar los productos con los que interactuamos a diario.<\/p>\n\n\n\n<figure class=\"wp-block-image size-full\"><img loading=\"lazy\" decoding=\"async\" width=\"1500\" height=\"1500\" src=\"http:\/\/disenodesdemarte.com\/wp-content\/uploads\/2025\/11\/diseno-desde-marte-hsl.jpg\" alt=\"Dise\u00f1o desde Marte: interior del libro (HSL)\" class=\"wp-image-18\" srcset=\"https:\/\/disenodesdemarte.com\/wp-content\/uploads\/2025\/11\/diseno-desde-marte-hsl.jpg 1500w, https:\/\/disenodesdemarte.com\/wp-content\/uploads\/2025\/11\/diseno-desde-marte-hsl-300x300.jpg 300w, https:\/\/disenodesdemarte.com\/wp-content\/uploads\/2025\/11\/diseno-desde-marte-hsl-1024x1024.jpg 1024w, https:\/\/disenodesdemarte.com\/wp-content\/uploads\/2025\/11\/diseno-desde-marte-hsl-150x150.jpg 150w, https:\/\/disenodesdemarte.com\/wp-content\/uploads\/2025\/11\/diseno-desde-marte-hsl-768x768.jpg 768w\" sizes=\"auto, (max-width: 1500px) 100vw, 1500px\" \/><\/figure>\n\n\n\n<h3 class=\"wp-block-heading has-h-2-font-size\">\u00bfQui\u00e9n deber\u00eda leer este libro?<\/h3>\n\n\n\n<h4 class=\"wp-block-heading estudiantes has-h-4-font-size\">Estudiantes y perfiles de dise\u00f1o de producto digital<\/h4>\n\n\n\n<ul class=\"wp-block-list arrow-list\">\n<li>Comprender mejor la profesi\u00f3n y sus or\u00edgenes<\/li>\n\n\n\n<li>Entender y aplicar mejor las metodolog\u00edas \u00e1giles y lean<\/li>\n\n\n\n<li>Conocer los diferentes tipos de proyectos<\/li>\n\n\n\n<li>Escoger los m\u00e9todos de investigaci\u00f3n correctos y reclutar usuarios<\/li>\n\n\n\n<li>Conocer los principios y las leyes de UX y para qu\u00e9 crear flujos y prototipos<\/li>\n\n\n\n<li>Dominar la parte est\u00e9tica: tipograf\u00eda, color, ret\u00edculas y Gestalt<\/li>\n\n\n\n<li>Presentar adecuadamente el dise\u00f1o y hacer un buen&nbsp;<em>handoff<\/em>&nbsp;a desarrollo<\/li>\n<\/ul>\n\n\n\n<div style=\"height:8px\" aria-hidden=\"true\" class=\"wp-block-spacer\"><\/div>\n\n\n\n<h4 class=\"wp-block-heading docentes has-h-4-font-size\">Docentes<\/h4>\n\n\n\n<ul class=\"wp-block-list arrow-list\">\n<li>Utilizar como gu\u00eda para explicar el proceso de dise\u00f1o<\/li>\n\n\n\n<li>Usar como referencia para preparar la teor\u00eda de tus clases<\/li>\n<\/ul>\n\n\n\n<div style=\"height:8px\" aria-hidden=\"true\" class=\"wp-block-spacer\"><\/div>\n\n\n\n<h4 class=\"wp-block-heading emprendedores has-h-4-font-size\">Emprendedores<\/h4>\n\n\n\n<ul class=\"wp-block-list arrow-list\">\n<li>Entender mejor qu\u00e9 es el dise\u00f1o y su impacto<\/li>\n\n\n\n<li>Comprender qu\u00e9 hace un\/a dise\u00f1ador\/a y c\u00f3mo trabaja<\/li>\n\n\n\n<li>Conocer el proceso de dise\u00f1o para trabajar mejor con el equipo<\/li>\n\n\n\n<li>Utilizar el libro como referencia para dise\u00f1ar tu propio producto o servicio<\/li>\n<\/ul>\n\n\n\n<figure class=\"wp-block-image size-full\"><img loading=\"lazy\" decoding=\"async\" width=\"1500\" height=\"1500\" src=\"http:\/\/disenodesdemarte.com\/wp-content\/uploads\/2025\/11\/diseno-desde-marte-lean.jpg\" alt=\"Dise\u00f1o desde Marte: interior del libro (lean)\" class=\"wp-image-19\" srcset=\"https:\/\/disenodesdemarte.com\/wp-content\/uploads\/2025\/11\/diseno-desde-marte-lean.jpg 1500w, https:\/\/disenodesdemarte.com\/wp-content\/uploads\/2025\/11\/diseno-desde-marte-lean-300x300.jpg 300w, https:\/\/disenodesdemarte.com\/wp-content\/uploads\/2025\/11\/diseno-desde-marte-lean-1024x1024.jpg 1024w, https:\/\/disenodesdemarte.com\/wp-content\/uploads\/2025\/11\/diseno-desde-marte-lean-150x150.jpg 150w, https:\/\/disenodesdemarte.com\/wp-content\/uploads\/2025\/11\/diseno-desde-marte-lean-768x768.jpg 768w\" sizes=\"auto, (max-width: 1500px) 100vw, 1500px\" \/><\/figure>\n\n\n\n<h2 class=\"wp-block-heading has-h-2-font-size\" id=\"indice\">\u00cdndice de contenidos<\/h2>\n\n\n\n<details class=\"wp-block-details is-layout-flow wp-block-details-is-layout-flow\" open><summary>Introducci\u00f3n<\/summary>\n<ul class=\"wp-block-list arrow-list\">\n<li>A quie\u0301n va dirigido<\/li>\n\n\n\n<li>En que\u0301 consiste este libro y co\u0301mo se utiliza<\/li>\n\n\n\n<li>Desde Marte<\/li>\n<\/ul>\n<\/details>\n\n\n\n<details class=\"wp-block-details is-layout-flow wp-block-details-is-layout-flow\"><summary>I. Dise\u00f1o de producto digital<\/summary>\n<ul class=\"wp-block-list arrow-list\">\n<li>Ori\u0301genes del disen\u0303o de interfaz y de experiencia<\/li>\n<\/ul>\n<\/details>\n\n\n\n<details class=\"wp-block-details is-layout-flow wp-block-details-is-layout-flow\"><summary>II. Gesti\u00f3n de proyectos de software y dise\u00f1o<\/summary>\n<ul class=\"wp-block-list arrow-list\">\n<li>Ori\u0301genes del disen\u0303o de interfaz y de experiencia<\/li>\n<\/ul>\n<\/details>\n\n\n\n<details class=\"wp-block-details is-layout-flow wp-block-details-is-layout-flow\"><summary>III. El proceso de dise\u00f1o y sus modelos<\/summary>\n<ul class=\"wp-block-list arrow-list\">\n<li>\u00bfQue\u0301 es un proceso de disen\u0303o?<\/li>\n\n\n\n<li>Ventajas de tener un proceso de disen\u0303o<\/li>\n\n\n\n<li>El proceso de disen\u0303o en cascada, <em>agile<\/em> o <em>lean<\/em><\/li>\n\n\n\n<li>Los procesos de disen\u0303o ma\u0301s habituales<\/li>\n\n\n\n<li>Apuntes finales<\/li>\n<\/ul>\n<\/details>\n\n\n\n<details class=\"wp-block-details is-layout-flow wp-block-details-is-layout-flow\"><summary>IV. Un nuevo modelo para dise\u00f1ar productos digitales<\/summary>\n<ul class=\"wp-block-list arrow-list\">\n<li>El modelo de las cuatro o\u0301rbitas<\/li>\n<\/ul>\n<\/details>\n\n\n\n<details class=\"wp-block-details is-layout-flow wp-block-details-is-layout-flow\"><summary>V. Inside-out: Proyecto iniciado desde dentro de la empresa<\/summary>\n<ul class=\"wp-block-list arrow-list\">\n<li>El encargo: desde dentro hacia fuera<\/li>\n\n\n\n<li>Los interlocutores: tener claro con quie\u0301n hablas<\/li>\n\n\n\n<li>Reencuadra el problema<\/li>\n\n\n\n<li>Apuntes finales<\/li>\n<\/ul>\n<\/details>\n\n\n\n<details class=\"wp-block-details is-layout-flow wp-block-details-is-layout-flow\"><summary>VI. Outside-in: Proyecto iniciado desde los usuarios<\/summary>\n<ul class=\"wp-block-list arrow-list\">\n<li>El encargo: desde fuera hacia dentro<\/li>\n\n\n\n<li>Co\u0301mo crear un plan de investigacio\u0301n<\/li>\n\n\n\n<li>Escoge el me\u0301todo de investigacio\u0301n correcto<\/li>\n\n\n\n<li>Recluta los usuarios<\/li>\n\n\n\n<li>Me\u0301todos esenciales de investigacio\u0301n<\/li>\n\n\n\n<li>Base de datos para recopilar los aprendizajes obtenidos<\/li>\n\n\n\n<li>La construccio\u0301n de user personas<\/li>\n\n\n\n<li>Apuntes finales<\/li>\n<\/ul>\n<\/details>\n\n\n\n<details class=\"wp-block-details is-layout-flow wp-block-details-is-layout-flow\"><summary>VII. La funci\u00f3n: Principios y leyes de UX, flujos, y prototipos<\/summary>\n<ul class=\"wp-block-list arrow-list\">\n<li>Experiencia de usuario: que\u0301 es, convenciones y leyes<\/li>\n\n\n\n<li>Las convenciones son importantes<\/li>\n\n\n\n<li>Patrones de UX ba\u0301sicos<\/li>\n\n\n\n<li>Leyes de UX que tienes que conocer<\/li>\n\n\n\n<li><em>Benchmark<\/em>: \u00bfque\u0301 esta\u0301 haciendo el resto?<\/li>\n\n\n\n<li>Diagrama de flujo: la estructura manda<\/li>\n\n\n\n<li>Arquitectura de la informacio\u0301n<\/li>\n\n\n\n<li><em>Wireframes<\/em>: disen\u0303o en baja definicio\u0301n<\/li>\n\n\n\n<li>Prototipando voy, prototipando vengo<\/li>\n\n\n\n<li>Prue\u0301balo con usuarios<\/li>\n\n\n\n<li>Apuntes finales<\/li>\n<\/ul>\n<\/details>\n\n\n\n<details class=\"wp-block-details is-layout-flow wp-block-details-is-layout-flow\"><summary>VIII. La est\u00e9tica: Fundamentos del dise\u00f1o de interfaz<\/summary>\n<ul class=\"wp-block-list arrow-list\">\n<li>Fundamentos del disen\u0303o de interfaz<\/li>\n\n\n\n<li>Reti\u0301culas convencionales y de 8 pt<\/li>\n\n\n\n<li>Cinco buenas pra\u0301cticas en el disen\u0303o de interfaz<\/li>\n\n\n\n<li>Psicologi\u0301a Gestalt<\/li>\n<\/ul>\n<\/details>\n\n\n\n<details class=\"wp-block-details is-layout-flow wp-block-details-is-layout-flow\"><summary>IX. Handoff, del dise\u00f1o al desarrollo<\/summary>\n<ul class=\"wp-block-list arrow-list\">\n<li>Buenas pra\u0301cticas al preparar documentos de disen\u0303o<\/li>\n\n\n\n<li>Entrega del disen\u0303o a desarrollo<\/li>\n\n\n\n<li>Reunio\u0301n de sincronizacio\u0301n<\/li>\n\n\n\n<li>Trabajo entre el disen\u0303o y el desarrollo<\/li>\n\n\n\n<li><em>QA<\/em> visual<\/li>\n<\/ul>\n<\/details>\n\n\n\n<details class=\"wp-block-details is-layout-flow wp-block-details-is-layout-flow\"><summary>X. Ponlo a prueba: Heur\u00edsticas y tests con usuarios<\/summary>\n<ul class=\"wp-block-list arrow-list\">\n<li>Heuri\u0301sticas de Nielsen y Tognazzini<\/li>\n\n\n\n<li>Co\u0301mo llevar a cabo una heuri\u0301stica<\/li>\n\n\n\n<li>Buenas pra\u0301cticas al hacer tests<\/li>\n<\/ul>\n<\/details>\n\n\n\n<details class=\"wp-block-details is-layout-flow wp-block-details-is-layout-flow\"><summary>XI. Presentar la propuesta de dise\u00f1o<\/summary>\n<ul class=\"wp-block-list arrow-list\">\n<li>Que\u0301 vas a decir&#8230; y a quie\u0301n<\/li>\n\n\n\n<li>La presentacio\u0301n<\/li>\n\n\n\n<li>Lenguaje verbal<\/li>\n\n\n\n<li>Evaluacio\u0301n de la presentacio\u0301n<\/li>\n<\/ul>\n<\/details>\n\n\n\n<div style=\"height:64px\" aria-hidden=\"true\" class=\"wp-block-spacer\"><\/div>\n\n\n\n<div class=\"wp-block-group comprar-libro is-layout-constrained wp-block-group-is-layout-constrained\">\n<div class=\"wp-block-group is-vertical is-layout-flex wp-container-core-group-is-layout-4ccc48f5 wp-block-group-is-layout-flex\" style=\"padding-top:var(--wp--preset--spacing--70);padding-bottom:var(--wp--preset--spacing--70)\">\n<h2 class=\"wp-block-heading has-h-2-font-size\" id=\"comprar\">Compra \u201cDise\u00f1o desde Marte\u201d<\/h2>\n\n\n\n<p>Aunque puedes pedir el libro en tu librer\u00eda de barrio, tambi\u00e9n puedes hacerte con tu copia del libro en estas plataformas en l\u00ednea:<\/p>\n\n\n\n<div class=\"wp-block-buttons is-layout-flex wp-block-buttons-is-layout-flex\" style=\"padding-top:var(--wp--preset--spacing--50);padding-bottom:var(--wp--preset--spacing--50)\">\n<div class=\"wp-block-button\"><a class=\"wp-block-button__link wp-element-button\" href=\"https:\/\/www.edicionesjardindemonos.es\/producto\/diseno-desde-marte\/\" target=\"_blank\" rel=\"noreferrer noopener\">Jard\u00edn de Monos<\/a><\/div>\n\n\n\n<div class=\"wp-block-button\"><a class=\"wp-block-button__link wp-element-button\" href=\"https:\/\/graffica.info\/tienda\/diseno-desde-marte\/\" target=\"_blank\" rel=\"noreferrer noopener\">Gr\u00e1ffica.info<\/a><\/div>\n<\/div>\n\n\n\n<p>Adicionalmente puedes encontrarlo en Buscalibre <a href=\"https:\/\/www.buscalibre.com.ar\/libro-diseno-desde-marte-manual-de-diseno-de-producto-digital\/9788494801839\/p\/54925591#\">Argentina<\/a>, <a href=\"https:\/\/www.buscalibre.cl\/libro-diseno-desde-marte-manual-de-diseno-de-producto-digital\/9788494801839\/p\/54925591#\">Chile<\/a>, <a href=\"https:\/\/www.buscalibre.com.co\/libro-diseno-desde-marte-manual-de-diseno-de-producto-digital\/9788494801839\/p\/54925591#\">Colombia<\/a>, <a href=\"https:\/\/www.buscalibre.com.mx\/libro-diseno-desde-marte-manual-de-diseno-de-producto-digital\/9788494801839\/p\/54925591#\">M\u00e9xico<\/a>, <a href=\"https:\/\/www.buscalibre.pe\/libro-diseno-desde-marte-manual-de-diseno-de-producto-digital\/9788494801839\/p\/54925591#\">Per\u00fa<\/a>, <a href=\"https:\/\/www.buscalibre.us\/libro-diseno-desde-marte-manual-de-diseno-de-producto-digital\/9788494801839\/p\/54925591#\">Estados Unidos<\/a>, e <a href=\"https:\/\/www.buscalibre.co\/libro-diseno-desde-marte-manual-de-diseno-de-producto-digital\/9788494801839\/p\/54925591#\">Internacional<\/a>.<\/p>\n<\/div>\n<\/div>\n\n\n\n<div style=\"height:64px\" aria-hidden=\"true\" class=\"wp-block-spacer\"><\/div>\n\n\n\n<h2 class=\"wp-block-heading has-h-2-font-size\" id=\"autora\">Sobre la autora<\/h2>\n\n\n\n<p>\u00a1Hola! Quiz\u00e1s a estas alturas te estar\u00e1s preguntando que qui\u00e9n soy yo.<\/p>\n\n\n\n<p>Soy <a href=\"https:\/\/cbusquets.com\/\">Cris Busquets<\/a>, dise\u00f1adora de producto digital y autora de este libro. Nac\u00ed en Sabadell (Barcelona) en 1989, aunque resido en Sant Cugat del Vall\u00e8s. Estudi\u00e9 un ciclo formativo en Gr\u00e1fica Publicitaria en l&#8217;Escola d&#8217;Art i Disseny de Sant Cugat del Vall\u00e8s y me gradu\u00e9 en Publicidad y Relaciones P\u00fablicas, con una menci\u00f3n en direcci\u00f3n estrat\u00e9gica en la Universitat Aut\u00f2noma de Barcelona. Dicen de m\u00ed que mi curiosidad es ilimitada, imagino que fue por este motivo por el que continu\u00e9 especializ\u00e1ndome realizando un M\u00e1ster en Aplicaciones Multimedia, esta vez en la Universitat Oberta de Catalunya.<\/p>\n\n\n\n<p>En 2024,&nbsp;<a href=\"https:\/\/www.ciencia.gob.es\/Noticias\/2024\/Octubre\/premios-nacionales-innovacion-diseno.html\" target=\"_blank\" rel=\"noreferrer noopener\">fui galardonada<\/a>&nbsp;con el&nbsp;<strong>Premio Nacional de Dise\u00f1o en la modalidad de \u201cJ\u00f3venes Profesionales\u00bb<\/strong>&nbsp;por mi impacto global en el dise\u00f1o digital y mi contribuci\u00f3n a iniciativas clave para el sector hispanohablante.<\/p>\n\n\n\n<p>A lo largo de m\u00e1s de 12 a\u00f1os de trayectoria, he trabajado comosenior product designeren empresas como Automattic, Twitter, Holaluz y DDB. Adem\u00e1s, escribo semanalmente sobre dise\u00f1o en&nbsp;<a href=\"https:\/\/www.uifrommars.com\/\" target=\"_blank\" rel=\"noreferrer noopener\">uiFromMars<\/a>&nbsp;y he sido docente en varias escuelas de dise\u00f1o.<\/p>\n\n\n\n<figure class=\"wp-block-image size-full\"><img loading=\"lazy\" decoding=\"async\" width=\"1500\" height=\"750\" src=\"http:\/\/disenodesdemarte.com\/wp-content\/uploads\/2025\/11\/mars-hue.jpg\" alt=\"\" class=\"wp-image-21\" srcset=\"https:\/\/disenodesdemarte.com\/wp-content\/uploads\/2025\/11\/mars-hue.jpg 1500w, https:\/\/disenodesdemarte.com\/wp-content\/uploads\/2025\/11\/mars-hue-300x150.jpg 300w, https:\/\/disenodesdemarte.com\/wp-content\/uploads\/2025\/11\/mars-hue-1024x512.jpg 1024w, https:\/\/disenodesdemarte.com\/wp-content\/uploads\/2025\/11\/mars-hue-768x384.jpg 768w\" sizes=\"auto, (max-width: 1500px) 100vw, 1500px\" \/><\/figure>\n\n\n\n<div style=\"height:32px\" aria-hidden=\"true\" class=\"wp-block-spacer\"><\/div>\n\n\n\n<h3 class=\"wp-block-heading has-h-2-font-size\">\u00bfPor qu\u00e9 he escrito este libro?<\/h3>\n\n\n\n<p>Como te dec\u00eda en el p\u00e1rrafo de arriba, escribo en un blog, uiFromMars. Lo fund\u00e9 en 2018 como un espacio en el que escribir semanalmente sobre dise\u00f1o de producto digital, portfolio y m\u00e9tricas. Antes de ello ya hab\u00eda tenido otros blogs, siempre con el dise\u00f1o como hilo conductor.<\/p>\n\n\n\n<p>Aunque tengo formaci\u00f3n en dise\u00f1o, soy muy autodidacta. Siempre me he nutrido de libros y contenidos en ingl\u00e9s para aprender m\u00e1s sobre el dise\u00f1o de interacci\u00f3n, producto y m\u00e9tricas, porque no encontraba contenido en espa\u00f1ol que estuviera adaptado a la realidad del sector.<\/p>\n\n\n\n<p>Cuando empec\u00e9 a escribir este libro me propuse que sirviese para dar una visi\u00f3n general de todo lo que implica el proceso de dise\u00f1o en los productos digitales, as\u00ed como las metodolog\u00edas y los diferentes perfiles que, adem\u00e1s del dise\u00f1ador, forman parte del proceso.<\/p>\n\n\n\n<p>El contenido est\u00e1 estructurado como un manual que se puede leer entero o solo para consultar un aspecto determinado del proceso de dise\u00f1o y sus metodolog\u00edas que te ayude a resolver un problema concreto.<\/p>\n","protected":false},"excerpt":{"rendered":"<p>\u00bfDe qu\u00e9 va \u201cDise\u00f1o desde Marte\u201d? Pedir cita m\u00e9dica, gestionar la cuenta bancaria, monitorizar el ejercicio f\u00edsico, identificar una canci\u00f3n&#8230;, cada d\u00eda son m\u00e1s las tareas en las que recurrimos a la interacci\u00f3n con productos y servicios digitales. Por eso, el dise\u00f1o de producto digital \u2014con sus m\u00faltiples denominaciones: dise\u00f1o UX\/UI, dise\u00f1o de interacci\u00f3n, etc\u00e9tera\u2014 [&hellip;]<\/p>\n","protected":false},"author":1,"featured_media":0,"parent":0,"menu_order":0,"comment_status":"closed","ping_status":"open","template":"","meta":{"footnotes":""},"class_list":["post-2","page","type-page","status-publish","hentry"],"_links":{"self":[{"href":"https:\/\/disenodesdemarte.com\/index.php?rest_route=\/wp\/v2\/pages\/2","targetHints":{"allow":["GET"]}}],"collection":[{"href":"https:\/\/disenodesdemarte.com\/index.php?rest_route=\/wp\/v2\/pages"}],"about":[{"href":"https:\/\/disenodesdemarte.com\/index.php?rest_route=\/wp\/v2\/types\/page"}],"author":[{"embeddable":true,"href":"https:\/\/disenodesdemarte.com\/index.php?rest_route=\/wp\/v2\/users\/1"}],"replies":[{"embeddable":true,"href":"https:\/\/disenodesdemarte.com\/index.php?rest_route=%2Fwp%2Fv2%2Fcomments&post=2"}],"version-history":[{"count":6,"href":"https:\/\/disenodesdemarte.com\/index.php?rest_route=\/wp\/v2\/pages\/2\/revisions"}],"predecessor-version":[{"id":30,"href":"https:\/\/disenodesdemarte.com\/index.php?rest_route=\/wp\/v2\/pages\/2\/revisions\/30"}],"wp:attachment":[{"href":"https:\/\/disenodesdemarte.com\/index.php?rest_route=%2Fwp%2Fv2%2Fmedia&parent=2"}],"curies":[{"name":"wp","href":"https:\/\/api.w.org\/{rel}","templated":true}]}}